{"id":7374,"date":"2023-09-20T23:14:57","date_gmt":"2023-09-20T23:14:57","guid":{"rendered":"https:\/\/www.first5napa.org\/?page_id=7374"},"modified":"2025-09-24T00:07:12","modified_gmt":"2025-09-24T00:07:12","slug":"resolucion-climatica-de-first-5-napa-county","status":"publish","type":"page","link":"https:\/\/www.first5napa.org\/es\/en-espanol\/resolucion-climatica-de-first-5-napa-county\/","title":{"rendered":"Resoluci\u00f3n clim\u00e1tica de First 5 Napa County"},"content":{"rendered":"\t\t<div data-elementor-type=\"wp-page\" data-elementor-id=\"7374\" class=\"elementor elementor-7374\" data-elementor-post-type=\"page\">\n\t\t\t\t<div class=\"elementor-element elementor-element-d1cfebc e-flex e-con-boxed e-con e-parent\" data-id=\"d1cfebc\" data-element_type=\"container\" data-e-type=\"container\" data-settings=\"{&quot;background_background&quot;:&quot;classic&quot;}\">\n\t\t\t\t\t<div class=\"e-con-inner\">\n\t\t<div class=\"elementor-element elementor-element-e5071ed e-flex e-con-boxed e-con e-child\" data-id=\"e5071ed\" data-element_type=\"container\" data-e-type=\"container\">\n\t\t\t\t\t<div class=\"e-con-inner\">\n\t\t\t\t\t<\/div>\n\t\t\t\t<\/div>\n\t\t<div class=\"elementor-element elementor-element-75421e8 e-flex e-con-boxed e-con e-child\" data-id=\"75421e8\" data-element_type=\"container\" data-e-type=\"container\" data-settings=\"{&quot;background_background&quot;:&quot;classic&quot;}\">\n\t\t\t\t\t<div class=\"e-con-inner\">\n\t\t\t\t<div class=\"elementor-element elementor-element-1a84b31 elementor-widget elementor-widget-heading\" data-id=\"1a84b31\" data-element_type=\"widget\" data-e-type=\"widget\" data-widget_type=\"heading.default\">\n\t\t\t\t<div class=\"elementor-widget-container\">\n\t\t\t\t\t<h1 class=\"elementor-heading-title elementor-size-default\">Resoluci\u00f3n clim\u00e1tica de First 5 Napa County<\/h1>\t\t\t\t<\/div>\n\t\t\t\t<\/div>\n\t\t\t\t<div class=\"elementor-element elementor-element-d07c413 elementor-align-left elementor-widget elementor-widget-button\" data-id=\"d07c413\" data-element_type=\"widget\" data-e-type=\"widget\" data-widget_type=\"button.default\">\n\t\t\t\t<div class=\"elementor-widget-container\">\n\t\t\t\t\t\t\t\t\t<div class=\"elementor-button-wrapper\">\n\t\t\t\t\t<a class=\"elementor-button elementor-button-link elementor-size-sm\" href=\"#readcontent\">\n\t\t\t\t\t\t<span class=\"elementor-button-content-wrapper\">\n\t\t\t\t\t\t\t\t\t<span class=\"elementor-button-text\">READ MORE<\/span>\n\t\t\t\t\t<\/span>\n\t\t\t\t\t<\/a>\n\t\t\t\t<\/div>\n\t\t\t\t\t\t\t\t<\/div>\n\t\t\t\t<\/div>\n\t\t\t\t\t<\/div>\n\t\t\t\t<\/div>\n\t\t\t\t\t<\/div>\n\t\t\t\t<\/div>\n\t\t<div class=\"elementor-element elementor-element-a9feb5e e-flex e-con-boxed e-con e-parent\" data-id=\"a9feb5e\" data-element_type=\"container\" data-e-type=\"container\">\n\t\t\t\t\t<div class=\"e-con-inner\">\n\t\t\t\t<div class=\"elementor-element elementor-element-f68567a elementor-widget elementor-widget-shortcode\" data-id=\"f68567a\" data-element_type=\"widget\" data-e-type=\"widget\" data-widget_type=\"shortcode.default\">\n\t\t\t\t<div class=\"elementor-widget-container\">\n\t\t\t\t\t\n\t\t\t<div id=\"catch-breadcrumb\" class=\"catch-breadcrumb breadcrumb-area custom\">\n\t\t\t\t<nav class=\"entry-breadcrumbs\">\n\n\t\t\t\t\t<span class=\"breadcrumb\"><a href=\"https:\/\/www.first5napa.org\/es\/\">Home<\/a><span class=\"sep\">&gt;<\/span><\/span><span class=\"breadcrumb-current\">P\u00e1gina<\/span>\n\t\t\t\t<\/nav><!-- .entry-breadcrumbs -->\n\t\t\t<\/div><!-- .breadcrumb-area -->\n\n\t\t<div class=\"elementor-shortcode\"><\/div>\n\t\t\t\t\t\t<\/div>\n\t\t\t\t<\/div>\n\t\t\t\t\t<\/div>\n\t\t\t\t<\/div>\n\t\t<div class=\"elementor-element elementor-element-b17b5e3 e-flex e-con-boxed e-con e-parent\" data-id=\"b17b5e3\" data-element_type=\"container\" data-e-type=\"container\">\n\t\t\t\t\t<div class=\"e-con-inner\">\n\t\t<aside class=\"elementor-element elementor-element-2904ad8 e-flex e-con-boxed e-con e-child\" data-id=\"2904ad8\" data-element_type=\"container\" data-e-type=\"container\">\n\t\t\t\t\t<div class=\"e-con-inner\">\n\t\t<div class=\"elementor-element elementor-element-e7ae01e e-flex e-con-boxed e-con e-child\" data-id=\"e7ae01e\" data-element_type=\"container\" data-e-type=\"container\" data-settings=\"{&quot;sticky&quot;:&quot;top&quot;,&quot;sticky_offset&quot;:90,&quot;sticky_on&quot;:[&quot;desktop&quot;,&quot;laptop&quot;,&quot;tablet&quot;],&quot;sticky_offset_tablet&quot;:0,&quot;sticky_effects_offset&quot;:0,&quot;sticky_anchor_link_offset&quot;:0}\">\n\t\t\t\t\t<div class=\"e-con-inner\">\n\t\t\t\t<div class=\"elementor-element elementor-element-1d2baa1 elementor-widget elementor-widget-heading\" data-id=\"1d2baa1\" data-element_type=\"widget\" data-e-type=\"widget\" data-widget_type=\"heading.default\">\n\t\t\t\t<div class=\"elementor-widget-container\">\n\t\t\t\t\t<h2 class=\"elementor-heading-title elementor-size-default\">En Espa\u00f1ol<\/h2>\t\t\t\t<\/div>\n\t\t\t\t<\/div>\n\t\t\t\t<div class=\"elementor-element elementor-element-43e3eb7 elementor-hidden-mobile elementor-widget-divider--view-line elementor-widget elementor-widget-divider\" data-id=\"43e3eb7\" data-element_type=\"widget\" data-e-type=\"widget\" data-widget_type=\"divider.default\">\n\t\t\t\t<div class=\"elementor-widget-container\">\n\t\t\t\t\t\t\t<div class=\"elementor-divider\">\n\t\t\t<span class=\"elementor-divider-separator\">\n\t\t\t\t\t\t<\/span>\n\t\t<\/div>\n\t\t\t\t\t\t<\/div>\n\t\t\t\t<\/div>\n\t\t\t\t<div class=\"elementor-element elementor-element-2fcecce elementor-nav-menu__align-end elementor-nav-menu--dropdown-none elementor-widget elementor-widget-nav-menu\" data-id=\"2fcecce\" data-element_type=\"widget\" data-e-type=\"widget\" data-settings=\"{&quot;layout&quot;:&quot;vertical&quot;,&quot;submenu_icon&quot;:{&quot;value&quot;:&quot;&lt;i class=\\&quot;\\&quot; aria-hidden=\\&quot;true\\&quot;&gt;&lt;\\\/i&gt;&quot;,&quot;library&quot;:&quot;&quot;}}\" data-widget_type=\"nav-menu.default\">\n\t\t\t\t<div class=\"elementor-widget-container\">\n\t\t\t\t\t\t\t\t<nav aria-label=\"Menu\" class=\"elementor-nav-menu--main elementor-nav-menu__container elementor-nav-menu--layout-vertical e--pointer-none\">\n\t\t\t\t<ul id=\"menu-1-2fcecce\" class=\"elementor-nav-menu sm-vertical\"><li class=\"menu-item menu-item-type-post_type menu-item-object-page menu-item-385\"><a href=\"https:\/\/www.first5napa.org\/es\/investments\/family-strengthening\/\" class=\"elementor-item menu-link\">Family Strengthening<\/a><\/li>\n<li class=\"menu-item menu-item-type-post_type menu-item-object-page menu-item-384\"><a href=\"https:\/\/www.first5napa.org\/es\/investments\/capacity-building\/\" class=\"elementor-item menu-link\">Capacity Building<\/a><\/li>\n<li class=\"menu-item menu-item-type-post_type menu-item-object-page menu-item-387\"><a href=\"https:\/\/www.first5napa.org\/es\/impact\/resilient-communities\/\" class=\"elementor-item menu-link\">Resilient Communities<\/a><\/li>\n<li class=\"menu-item menu-item-type-post_type menu-item-object-page menu-item-9144\"><a href=\"https:\/\/www.first5napa.org\/es\/investments\/our-grantees\/\" class=\"elementor-item menu-link\">Our Grantees<\/a><\/li>\n<li class=\"menu-item menu-item-type-post_type menu-item-object-page menu-item-386\"><a href=\"https:\/\/www.first5napa.org\/es\/investments\/opportunities-for-funding\/\" class=\"elementor-item menu-link\">Opportunities for Funding<\/a><\/li>\n<\/ul>\t\t\t<\/nav>\n\t\t\t\t\t\t<nav class=\"elementor-nav-menu--dropdown elementor-nav-menu__container\" aria-hidden=\"true\">\n\t\t\t\t<ul id=\"menu-2-2fcecce\" class=\"elementor-nav-menu sm-vertical\"><li class=\"menu-item menu-item-type-post_type menu-item-object-page menu-item-385\"><a href=\"https:\/\/www.first5napa.org\/es\/investments\/family-strengthening\/\" class=\"elementor-item menu-link\" tabindex=\"-1\">Family Strengthening<\/a><\/li>\n<li class=\"menu-item menu-item-type-post_type menu-item-object-page menu-item-384\"><a href=\"https:\/\/www.first5napa.org\/es\/investments\/capacity-building\/\" class=\"elementor-item menu-link\" tabindex=\"-1\">Capacity Building<\/a><\/li>\n<li class=\"menu-item menu-item-type-post_type menu-item-object-page menu-item-387\"><a href=\"https:\/\/www.first5napa.org\/es\/impact\/resilient-communities\/\" class=\"elementor-item menu-link\" tabindex=\"-1\">Resilient Communities<\/a><\/li>\n<li class=\"menu-item menu-item-type-post_type menu-item-object-page menu-item-9144\"><a href=\"https:\/\/www.first5napa.org\/es\/investments\/our-grantees\/\" class=\"elementor-item menu-link\" tabindex=\"-1\">Our Grantees<\/a><\/li>\n<li class=\"menu-item menu-item-type-post_type menu-item-object-page menu-item-386\"><a href=\"https:\/\/www.first5napa.org\/es\/investments\/opportunities-for-funding\/\" class=\"elementor-item menu-link\" tabindex=\"-1\">Opportunities for Funding<\/a><\/li>\n<\/ul>\t\t\t<\/nav>\n\t\t\t\t\t\t<\/div>\n\t\t\t\t<\/div>\n\t\t\t\t<div class=\"elementor-element elementor-element-4c2db44 elementor-hidden-desktop elementor-hidden-laptop elementor-hidden-tablet elementor-widget-divider--view-line elementor-widget elementor-widget-divider\" data-id=\"4c2db44\" data-element_type=\"widget\" data-e-type=\"widget\" data-widget_type=\"divider.default\">\n\t\t\t\t<div class=\"elementor-widget-container\">\n\t\t\t\t\t\t\t<div class=\"elementor-divider\">\n\t\t\t<span class=\"elementor-divider-separator\">\n\t\t\t\t\t\t<\/span>\n\t\t<\/div>\n\t\t\t\t\t\t<\/div>\n\t\t\t\t<\/div>\n\t\t\t\t\t<\/div>\n\t\t\t\t<\/div>\n\t\t\t\t\t<\/div>\n\t\t\t\t<\/aside>\n\t\t<div class=\"elementor-element elementor-element-bebdf16 e-flex e-con-boxed e-con e-child\" data-id=\"bebdf16\" data-element_type=\"container\" data-e-type=\"container\">\n\t\t\t\t\t<div class=\"e-con-inner\">\n\t\t\t\t<div class=\"elementor-element elementor-element-2f948ff elementor-widget elementor-widget-menu-anchor\" data-id=\"2f948ff\" data-element_type=\"widget\" data-e-type=\"widget\" data-widget_type=\"menu-anchor.default\">\n\t\t\t\t<div class=\"elementor-widget-container\">\n\t\t\t\t\t\t\t<div class=\"elementor-menu-anchor\" id=\"readcontent\"><\/div>\n\t\t\t\t\t\t<\/div>\n\t\t\t\t<\/div>\n\t\t\t\t<div class=\"elementor-element elementor-element-2b7f56f elementor-widget elementor-widget-heading\" data-id=\"2b7f56f\" data-element_type=\"widget\" data-e-type=\"widget\" data-widget_type=\"heading.default\">\n\t\t\t\t<div class=\"elementor-widget-container\">\n\t\t\t\t\t<h3 class=\"elementor-heading-title elementor-size-default\">Resoluci\u00f3n De La Comisi\u00f3n De First 5 Napa County Y Families Y Ni\u00f1es Que Autoriza El Llamado A La Acci\u00f3n Contra El Cambio Clim\u00e1ticoen Nombre De Todes Les Ni\u00f1es Del Condado De Napa<\/h3>\t\t\t\t<\/div>\n\t\t\t\t<\/div>\n\t\t\t\t<div class=\"elementor-element elementor-element-d082f88 elementor-widget elementor-widget-text-editor\" data-id=\"d082f88\" data-element_type=\"widget\" data-e-type=\"widget\" data-widget_type=\"text-editor.default\">\n\t\t\t\t<div class=\"elementor-widget-container\">\n\t\t\t\t\t\t\t\t\t<p><strong>MIENTRAS QUE, <\/strong>les ni\u00f1es son nuestro precioso futuro y lo que les suceda hoy a nuestres hijes nos afectar\u00e1 a todes ma\u00f1ana; y<\/p><p><strong>MIENTRAS QUE, <\/strong>el \u00e9xito del condado de Napa se mida por el bienestar de sus ni\u00f1es, cuyo desarrollo biol\u00f3gico y cognitivo ocurre dentro del contexto de families, escuelas, vecindarios y comunidades estables y enriquecedoras; y\u00a0<\/p><p><strong>MIENTRAS QUE, <\/strong>el cambio clim\u00e1tico plantea amenazas a la salud y la seguridad humanas y les ni\u00f1es son especialmente vulnerables a estas amenazas; y<\/p><p><strong>MIENTRAS QUE, <\/strong>los efectos del cambio clim\u00e1tico en el bienestar de les ni\u00f1es son directos y vastos, e incluyen impactos en la salud mental, empeoran los resultados del embarazo, inseguridad alimentaria, olas de calor m\u00e1s c\u00e1lidas y prolongadas que conducen a menos juegos al aire libre y enfermedades relacionadas con el calor, un aumento de los fen\u00f3menos clim\u00e1ticos extremos que alteran las vidas y desarraigo de families y efectos sobre la salud provocados por la peor calidad del aire y la propagaci\u00f3n de enfermedades infecciosas; y\u00a0<\/p><p><strong>MIENTRAS QUE, <\/strong>los fundamentos sociales de la salud f\u00edsica y mental de les ni\u00f1es se ven amenazados por las consecuencias a largo plazo del cambio clim\u00e1tico desenfrenado, incluido el agotamiento de recursos b\u00e1sicos como alimentos y agua potable, la p\u00e9rdida ecol\u00f3gica, el desplazamiento de poblaci\u00f3n y la migraci\u00f3n masiva, les refugiades clim\u00e1ticos, las comunidades fallidas y las tensiones resultantes\u00a0y mayor riesgo de conflicto; y<\/p><p><strong>MIENTRAS QUE,<\/strong> el cambio clim\u00e1tico es una cuesti\u00f3n de justicia y equidad social que afecta a todes, pero en particular a j\u00f3venes y a las generaciones futuras, y afecta de manera desproporcionada a les persones de color y a quienes viven en la pobreza, exacerbando as\u00ed las inequidades existentes y limitando la igualad de oportunidades, que es una aspiraci\u00f3n fundamental de nuestra comunidad y Am\u00e9rica; y<\/p><p><strong>MIENTRAS QUE, <\/strong>estamos en una emergencia clim\u00e1tica y ecol\u00f3gica de proporciones esenciales y debemos actuar con urgencia; y<\/p><p><strong>MIENTRAS QUE, <\/strong>el aumento de las temperaturas globales debido a la actividad humana est\u00e1 provocando importantes cambios f\u00edsicos, qu\u00edmicos y ecol\u00f3gicos en el planeta; y<\/p><p><strong>MIENTRAS QUE, <\/strong>los grande fuegos, sequ\u00edas, fen\u00f3menos clim\u00e1ticos extremos, cosechas interrumpidas y exposici\u00f3n masiva de especies animales y vegetales ya son parte de nuestras vidas; y<\/p><p><strong>MIENTRAS QUE, <\/strong>el Panel Intergubernamental sobre Cambio Clim\u00e1tico m\u00e1s reciente, publicado en agosto de 2021, afirma nuevamente que \u201climitar el calentamiento global a 1.5 grados Celsius requerir\u00eda cambios r\u00e1pidos, de gran alcance y sin precedentes en todos los aspectos de la sociedad\u201d y proyect\u00f3 que la Tierra podr\u00eda alcanzar y superar esta temperatura tan pronto como en el 2030, mucho antes de lo previsto anteriormente; y<\/p><p><strong>MIENTRAS QUE, <\/strong>sin un esfuerzo masivo para revertir el aumento de las temperaturas globales, la vida tal como la conocemos seguir\u00e1 colapsando, amenazando a la humanidad y al mundo natural; y<\/p><p><strong>MIENTRAS QUE, <\/strong>teniendo en cuenta este conocimiento, no tomar medidas inmediatas y sustantivas ser\u00eda un acto de injusticia para todes les ni\u00f1es con un profundo impacto negativo a lo largo de sus vidas, as\u00ed como las vidas de las generaciones futuras; y<\/p><p><strong>MIENTRAS QUE, <\/strong>para preservar la salud y la longevidad de la Tierra para las generaciones venideras, es responsabilidad de la comunidad del condado de Napa tomar medidas colectivas para ayudar a estabilizar las temperaturas globales y prevenir impactos desproporcionados responsabilizando a quienes ocupan posiciones de poder para responder a la crisis clim\u00e1tica; y<\/p><p><strong>MIENTRAS QUE, <\/strong>la urgencia y magnitud del desaf\u00edo de abordar el cambio clim\u00e1tico exige un liderazgo valiente en todos los sectores de la sociedad reconociendo que una emergencia clim\u00e1tica amenaza a les ni\u00f1es y a la gente del condado de Napa y respondiendo con las medidas de emergencia necesarias; y<\/p><p><strong>POR LO TANTO QUEDA RESUELTO, <\/strong>que la Comisi\u00f3n de First 5 Napa County\u00a0apoye y promueva pol\u00edticas y pr\u00e1cticas locales, estatales y federales que mitiguen los impactos del cambio clim\u00e1tico y protejan la salud, la seguridad y el bienestar de residentes y la fuerza laboral actual y del futuro del condado de Napa.<\/p><p><strong>ADEM\u00c1S, SE RESUELVE<\/strong>, que la Comisi\u00f3n de First 5 Napa County y Familias del Condado de Napa adoptar\u00e1 la educaci\u00f3n y la promoci\u00f3n del clima como parte de su pr\u00f3ximo plan estrat\u00e9gico de tres a\u00f1os, que incluir\u00e1 un plan de trabajo anual que definir\u00e1 metas, objetivos y estrategias de implementaci\u00f3n.<\/p><p><strong>APROBADO Y ADOPTADO <\/strong>por la Comisi\u00f3n de First 5 Napa County este 27 de junio de 2022.<\/p><p>\u00a0<\/p>\t\t\t\t\t\t\t\t<\/div>\n\t\t\t\t<\/div>\n\t\t\t\t\t<\/div>\n\t\t\t\t<\/div>\n\t\t\t\t\t<\/div>\n\t\t\t\t<\/div>\n\t\t\t\t<\/div>\n\t\t","protected":false},"excerpt":{"rendered":"<p>READ MORE En Espa\u00f1ol Resoluci\u00f3n De La Comisi\u00f3n De First 5 Napa County Y Families Y Ni\u00f1es Que Autoriza El Llamado A La Acci\u00f3n Contra El Cambio Clim\u00e1ticoen Nombre De Todes Les Ni\u00f1es Del Condado De Napa MIENTRAS QUE, les ni\u00f1es son nuestro precioso futuro y lo que les suceda hoy a nuestres hijes nos [&hellip;]<\/p>\n","protected":false},"author":1,"featured_media":0,"parent":56,"menu_order":1,"comment_status":"closed","ping_status":"closed","template":"elementor_header_footer","meta":{"_acf_changed":false,"inline_featured_image":false,"site-sidebar-layout":"no-sidebar","site-content-layout":"","ast-site-content-layout":"full-width-container","site-content-style":"default","site-sidebar-style":"default","ast-global-header-display":"","ast-banner-title-visibility":"","ast-main-header-display":"","ast-hfb-above-header-display":"","ast-hfb-below-header-display":"","ast-hfb-mobile-header-display":"","site-post-title":"disabled","ast-breadcrumbs-content":"","ast-featured-img":"disabled","footer-sml-layout":"","ast-disable-related-posts":"","theme-transparent-header-meta":"default","adv-header-id-meta":"","stick-header-meta":"","header-above-stick-meta":"","header-main-stick-meta":"","header-below-stick-meta":"","astra-migrate-meta-layouts":"set","ast-page-background-enabled":"default","ast-page-background-meta":{"desktop":{"background-color":"var(--ast-global-color-4)","background-image":"","background-repeat":"repeat","background-position":"center center","background-size":"auto","background-attachment":"scroll","background-type":"","background-media":"","overlay-type":"","overlay-color":"","overlay-opacity":"","overlay-gradient":""},"tablet":{"background-color":"","background-image":"","background-repeat":"repeat","background-position":"center center","background-size":"auto","background-attachment":"scroll","background-type":"","background-media":"","overlay-type":"","overlay-color":"","overlay-opacity":"","overlay-gradient":""},"mobile":{"background-color":"","background-image":"","background-repeat":"repeat","background-position":"center center","background-size":"auto","background-attachment":"scroll","background-type":"","background-media":"","overlay-type":"","overlay-color":"","overlay-opacity":"","overlay-gradient":""}},"ast-content-background-meta":{"desktop":{"background-color":"var(--ast-global-color-5)","background-image":"","background-repeat":"repeat","background-position":"center center","background-size":"auto","background-attachment":"scroll","background-type":"","background-media":"","overlay-type":"","overlay-color":"","overlay-opacity":"","overlay-gradient":""},"tablet":{"background-color":"var(--ast-global-color-5)","background-image":"","background-repeat":"repeat","background-position":"center center","background-size":"auto","background-attachment":"scroll","background-type":"","background-media":"","overlay-type":"","overlay-color":"","overlay-opacity":"","overlay-gradient":""},"mobile":{"background-color":"var(--ast-global-color-5)","background-image":"","background-repeat":"repeat","background-position":"center center","background-size":"auto","background-attachment":"scroll","background-type":"","background-media":"","overlay-type":"","overlay-color":"","overlay-opacity":"","overlay-gradient":""}},"footnotes":""},"class_list":["post-7374","page","type-page","status-publish","hentry"],"acf":[],"yoast_head":"<!-- This site is optimized with the Yoast SEO plugin v27.5 - https:\/\/yoast.com\/product\/yoast-seo-wordpress\/ -->\n<title>Resoluci\u00f3n clim\u00e1tica de First 5 Napa County - First 5 Napa County Children and Families Commission<\/title>\n<meta name=\"robots\" content=\"index, follow, max-snippet:-1, max-image-preview:large, max-video-preview:-1\" \/>\n<link rel=\"canonical\" href=\"https:\/\/www.first5napa.org\/es\/in-english\/resolucion-climatica-de-first-5-napa-county\/\" \/>\n<meta property=\"og:locale\" content=\"es_MX\" \/>\n<meta property=\"og:type\" content=\"article\" \/>\n<meta property=\"og:title\" content=\"Resoluci\u00f3n clim\u00e1tica de First 5 Napa County - First 5 Napa County Children and Families Commission\" \/>\n<meta property=\"og:description\" content=\"READ MORE En Espa\u00f1ol Resoluci\u00f3n De La Comisi\u00f3n De First 5 Napa County Y Families Y Ni\u00f1es Que Autoriza El Llamado A La Acci\u00f3n Contra El Cambio Clim\u00e1ticoen Nombre De Todes Les Ni\u00f1es Del Condado De Napa MIENTRAS QUE, les ni\u00f1es son nuestro precioso futuro y lo que les suceda hoy a nuestres hijes nos [&hellip;]\" \/>\n<meta property=\"og:url\" content=\"https:\/\/www.first5napa.org\/es\/in-english\/resolucion-climatica-de-first-5-napa-county\/\" \/>\n<meta property=\"og:site_name\" content=\"First 5 Napa County Children and Families Commission\" \/>\n<meta property=\"article:modified_time\" content=\"2025-09-24T00:07:12+00:00\" \/>\n<meta property=\"og:image\" content=\"https:\/\/www.first5napa.org\/wp-content\/uploads\/2023\/10\/facebook.jpg\" \/>\n\t<meta property=\"og:image:width\" content=\"2472\" \/>\n\t<meta property=\"og:image:height\" content=\"1436\" \/>\n\t<meta property=\"og:image:type\" content=\"image\/jpeg\" \/>\n<meta name=\"twitter:card\" content=\"summary_large_image\" \/>\n<meta name=\"twitter:label1\" content=\"Tiempo de lectura\" \/>\n\t<meta name=\"twitter:data1\" content=\"4 minutos\" \/>\n<script type=\"application\/ld+json\" class=\"yoast-schema-graph\">{\"@context\":\"https:\\\/\\\/schema.org\",\"@graph\":[{\"@type\":\"WebPage\",\"@id\":\"https:\\\/\\\/www.first5napa.org\\\/en-espanol\\\/resolucion-climatica-de-first-5-napa-county\\\/\",\"url\":\"https:\\\/\\\/www.first5napa.org\\\/en-espanol\\\/resolucion-climatica-de-first-5-napa-county\\\/\",\"name\":\"Resoluci\u00f3n clim\u00e1tica de First 5 Napa County - First 5 Napa County Children and Families Commission\",\"isPartOf\":{\"@id\":\"https:\\\/\\\/www.first5napa.org\\\/#website\"},\"datePublished\":\"2023-09-20T23:14:57+00:00\",\"dateModified\":\"2025-09-24T00:07:12+00:00\",\"breadcrumb\":{\"@id\":\"https:\\\/\\\/www.first5napa.org\\\/en-espanol\\\/resolucion-climatica-de-first-5-napa-county\\\/#breadcrumb\"},\"inLanguage\":\"es\",\"potentialAction\":[{\"@type\":\"ReadAction\",\"target\":[\"https:\\\/\\\/www.first5napa.org\\\/en-espanol\\\/resolucion-climatica-de-first-5-napa-county\\\/\"]}]},{\"@type\":\"BreadcrumbList\",\"@id\":\"https:\\\/\\\/www.first5napa.org\\\/en-espanol\\\/resolucion-climatica-de-first-5-napa-county\\\/#breadcrumb\",\"itemListElement\":[{\"@type\":\"ListItem\",\"position\":1,\"name\":\"Home\",\"item\":\"https:\\\/\\\/www.first5napa.org\\\/\"},{\"@type\":\"ListItem\",\"position\":2,\"name\":\"En Espa\u00f1ol\",\"item\":\"https:\\\/\\\/www.first5napa.org\\\/en-espanol\\\/\"},{\"@type\":\"ListItem\",\"position\":3,\"name\":\"Resoluci\u00f3n clim\u00e1tica de First 5 Napa County\"}]},{\"@type\":\"WebSite\",\"@id\":\"https:\\\/\\\/www.first5napa.org\\\/#website\",\"url\":\"https:\\\/\\\/www.first5napa.org\\\/\",\"name\":\"First 5 Napa County Children and Families Commission\",\"description\":\"\",\"publisher\":{\"@id\":\"https:\\\/\\\/www.first5napa.org\\\/#organization\"},\"potentialAction\":[{\"@type\":\"SearchAction\",\"target\":{\"@type\":\"EntryPoint\",\"urlTemplate\":\"https:\\\/\\\/www.first5napa.org\\\/?s={search_term_string}\"},\"query-input\":{\"@type\":\"PropertyValueSpecification\",\"valueRequired\":true,\"valueName\":\"search_term_string\"}}],\"inLanguage\":\"es\"},{\"@type\":\"Organization\",\"@id\":\"https:\\\/\\\/www.first5napa.org\\\/#organization\",\"name\":\"First 5 Napa County Children and Families Commission\",\"url\":\"https:\\\/\\\/www.first5napa.org\\\/\",\"logo\":{\"@type\":\"ImageObject\",\"inLanguage\":\"es\",\"@id\":\"https:\\\/\\\/www.first5napa.org\\\/#\\\/schema\\\/logo\\\/image\\\/\",\"url\":\"https:\\\/\\\/www.first5napa.org\\\/wp-content\\\/uploads\\\/2023\\\/09\\\/first-five-napa-stacked-logo-full-color-rgb-900px-w-72ppi.png\",\"contentUrl\":\"https:\\\/\\\/www.first5napa.org\\\/wp-content\\\/uploads\\\/2023\\\/09\\\/first-five-napa-stacked-logo-full-color-rgb-900px-w-72ppi.png\",\"width\":900,\"height\":536,\"caption\":\"First 5 Napa County Children and Families Commission\"},\"image\":{\"@id\":\"https:\\\/\\\/www.first5napa.org\\\/#\\\/schema\\\/logo\\\/image\\\/\"}}]}<\/script>\n<!-- \/ Yoast SEO plugin. -->","yoast_head_json":{"title":"Resoluci\u00f3n clim\u00e1tica de First 5 Napa County - First 5 Napa County Children and Families Commission","robots":{"index":"index","follow":"follow","max-snippet":"max-snippet:-1","max-image-preview":"max-image-preview:large","max-video-preview":"max-video-preview:-1"},"canonical":"https:\/\/www.first5napa.org\/es\/in-english\/resolucion-climatica-de-first-5-napa-county\/","og_locale":"es_MX","og_type":"article","og_title":"Resoluci\u00f3n clim\u00e1tica de First 5 Napa County - First 5 Napa County Children and Families Commission","og_description":"READ MORE En Espa\u00f1ol Resoluci\u00f3n De La Comisi\u00f3n De First 5 Napa County Y Families Y Ni\u00f1es Que Autoriza El Llamado A La Acci\u00f3n Contra El Cambio Clim\u00e1ticoen Nombre De Todes Les Ni\u00f1es Del Condado De Napa MIENTRAS QUE, les ni\u00f1es son nuestro precioso futuro y lo que les suceda hoy a nuestres hijes nos [&hellip;]","og_url":"https:\/\/www.first5napa.org\/es\/in-english\/resolucion-climatica-de-first-5-napa-county\/","og_site_name":"First 5 Napa County Children and Families Commission","article_modified_time":"2025-09-24T00:07:12+00:00","og_image":[{"width":2472,"height":1436,"url":"https:\/\/www.first5napa.org\/wp-content\/uploads\/2023\/10\/facebook.jpg","type":"image\/jpeg"}],"twitter_card":"summary_large_image","twitter_misc":{"Tiempo de lectura":"4 minutos"},"schema":{"@context":"https:\/\/schema.org","@graph":[{"@type":"WebPage","@id":"https:\/\/www.first5napa.org\/en-espanol\/resolucion-climatica-de-first-5-napa-county\/","url":"https:\/\/www.first5napa.org\/en-espanol\/resolucion-climatica-de-first-5-napa-county\/","name":"Resoluci\u00f3n clim\u00e1tica de First 5 Napa County - First 5 Napa County Children and Families Commission","isPartOf":{"@id":"https:\/\/www.first5napa.org\/#website"},"datePublished":"2023-09-20T23:14:57+00:00","dateModified":"2025-09-24T00:07:12+00:00","breadcrumb":{"@id":"https:\/\/www.first5napa.org\/en-espanol\/resolucion-climatica-de-first-5-napa-county\/#breadcrumb"},"inLanguage":"es","potentialAction":[{"@type":"ReadAction","target":["https:\/\/www.first5napa.org\/en-espanol\/resolucion-climatica-de-first-5-napa-county\/"]}]},{"@type":"BreadcrumbList","@id":"https:\/\/www.first5napa.org\/en-espanol\/resolucion-climatica-de-first-5-napa-county\/#breadcrumb","itemListElement":[{"@type":"ListItem","position":1,"name":"Home","item":"https:\/\/www.first5napa.org\/"},{"@type":"ListItem","position":2,"name":"En Espa\u00f1ol","item":"https:\/\/www.first5napa.org\/en-espanol\/"},{"@type":"ListItem","position":3,"name":"Resoluci\u00f3n clim\u00e1tica de First 5 Napa County"}]},{"@type":"WebSite","@id":"https:\/\/www.first5napa.org\/#website","url":"https:\/\/www.first5napa.org\/","name":"Comisi\u00f3n de Ni\u00f1os y Familias de First 5 Napa County","description":"","publisher":{"@id":"https:\/\/www.first5napa.org\/#organization"},"potentialAction":[{"@type":"SearchAction","target":{"@type":"EntryPoint","urlTemplate":"https:\/\/www.first5napa.org\/?s={search_term_string}"},"query-input":{"@type":"PropertyValueSpecification","valueRequired":true,"valueName":"search_term_string"}}],"inLanguage":"es"},{"@type":"Organization","@id":"https:\/\/www.first5napa.org\/#organization","name":"Comisi\u00f3n de Ni\u00f1os y Familias de First 5 Napa County","url":"https:\/\/www.first5napa.org\/","logo":{"@type":"ImageObject","inLanguage":"es","@id":"https:\/\/www.first5napa.org\/#\/schema\/logo\/image\/","url":"https:\/\/www.first5napa.org\/wp-content\/uploads\/2023\/09\/first-five-napa-stacked-logo-full-color-rgb-900px-w-72ppi.png","contentUrl":"https:\/\/www.first5napa.org\/wp-content\/uploads\/2023\/09\/first-five-napa-stacked-logo-full-color-rgb-900px-w-72ppi.png","width":900,"height":536,"caption":"First 5 Napa County Children and Families Commission"},"image":{"@id":"https:\/\/www.first5napa.org\/#\/schema\/logo\/image\/"}}]}},"_links":{"self":[{"href":"https:\/\/www.first5napa.org\/es\/wp-json\/wp\/v2\/pages\/7374","targetHints":{"allow":["GET"]}}],"collection":[{"href":"https:\/\/www.first5napa.org\/es\/wp-json\/wp\/v2\/pages"}],"about":[{"href":"https:\/\/www.first5napa.org\/es\/wp-json\/wp\/v2\/types\/page"}],"author":[{"embeddable":true,"href":"https:\/\/www.first5napa.org\/es\/wp-json\/wp\/v2\/users\/1"}],"replies":[{"embeddable":true,"href":"https:\/\/www.first5napa.org\/es\/wp-json\/wp\/v2\/comments?post=7374"}],"version-history":[{"count":42,"href":"https:\/\/www.first5napa.org\/es\/wp-json\/wp\/v2\/pages\/7374\/revisions"}],"predecessor-version":[{"id":10070,"href":"https:\/\/www.first5napa.org\/es\/wp-json\/wp\/v2\/pages\/7374\/revisions\/10070"}],"up":[{"embeddable":true,"href":"https:\/\/www.first5napa.org\/es\/wp-json\/wp\/v2\/pages\/56"}],"wp:attachment":[{"href":"https:\/\/www.first5napa.org\/es\/wp-json\/wp\/v2\/media?parent=7374"}],"curies":[{"name":"wp","href":"https:\/\/api.w.org\/{rel}","templated":true}]}}